{"id":260,"date":"2014-05-12T20:22:40","date_gmt":"2014-05-12T18:22:40","guid":{"rendered":"http:\/\/www.ferienwohnungen-ossiachersee.at\/de\/?page_id=260"},"modified":"2023-12-19T19:47:59","modified_gmt":"2023-12-19T17:47:59","slug":"natur-aktiv","status":"publish","type":"page","link":"http:\/\/www.ferienwohnungen-ossiachersee.at\/de\/natur-aktiv\/","title":{"rendered":"Natur, Kultur, Erlebnis"},"content":{"rendered":"<p>Der Sch\u00fctzenhof ist optimaler Ausgangspunkt um die zahlreichen <a href=\"http:\/\/www.kaerntencard.at\/\" target=\"_blank\" rel=\"noopener\">Freizeitm\u00f6glichkeiten<\/a> in einer der sch\u00f6nsten Gegenden K\u00e4rntens genie\u00dfen zu k\u00f6nnen. Tun Sie etwas f\u00fcr sich selbst, blenden Sie den Alltag aus und nehmen Sie unvergessliche Eindr\u00fccke mit nach Hause. Von der entspannten Genusswanderung bis hin zur herausfordernden Bergroute mit Klettersteigen ist in K\u00e4rnten f\u00fcr jeden Bergbegeisterten das Richtige dabei. Die Gastgeber gehen selbst gerne wandern und bergsteigen \u2013 Sie k\u00f6nnen Sie gerne begleiten. Ein Highlight ist sicherlich die wundersch\u00f6ne Wanderung zu den Finsterbachwasserf\u00e4llen \u2013 die direkt beim Sch\u00fctzenhof beginnt. Gerne geben wir Ihnen Tipps und Routenvorschl\u00e4ge f\u00fcr Ihre Laufstrecken, Nordic Walkingwanderungen und Radtouren (Fahrr\u00e4der, Mountainbikes und Treckingr\u00e4der stehen Ihnen kostenlos zur Verf\u00fcgung).<br \/>\nHier einige Beispiele wie Sie Ihren Urlaub aktiv gestalten k\u00f6nnten:<\/p>\n<!-- index.php -->\n<div\n\tclass=\"ngg-galleryoverview ngg-ajax-pagination-none\"\n\tid=\"ngg-gallery-a256a37be01437ca98581088245d94ec-1\">\n\n    \t<div class=\"slideshowlink\">\n        <a href='http:\/\/www.ferienwohnungen-ossiachersee.at\/de\/natur-aktiv\/nggallery\/slideshow'>[Zeige eine Slideshow]<\/a>\n\t\t\n\t<\/div>\n\t\t\t<!-- Thumbnails -->\n\t\t\t\t<div id=\"ngg-image-0\" class=\"ngg-gallery-thumbnail-box\" >\n\t\t\t\t        <div class=\"ngg-gallery-thumbnail\">\n            <a href=\"http:\/\/www.ferienwohnungen-ossiachersee.at\/de\/wp-content\/gallery\/natur-aktiv\/bergsee-seele-baumeln-lassen.jpg\"\n               title=\"\"\n               data-src=\"http:\/\/www.ferienwohnungen-ossiachersee.at\/de\/wp-content\/gallery\/natur-aktiv\/bergsee-seele-baumeln-lassen.jpg\"\n               data-thumbnail=\"http:\/\/www.ferienwohnungen-ossiachersee.at\/de\/wp-content\/gallery\/natur-aktiv\/thumbs\/thumbs_bergsee-seele-baumeln-lassen.jpg\"\n               data-image-id=\"35\"\n               data-title=\"bergsee-seele-baumeln-lassen\"\n               data-description=\"\"\n               data-image-slug=\"bergsee-seele-baumeln-lassen\"\n               class=\"ngg-fancybox\" rel=\"a256a37be01437ca98581088245d94ec\">\n                <img\n                    title=\"bergsee-seele-baumeln-lassen\"\n                    alt=\"bergsee-seele-baumeln-lassen\"\n                    src=\"http:\/\/www.ferienwohnungen-ossiachersee.at\/de\/wp-content\/gallery\/natur-aktiv\/thumbs\/thumbs_bergsee-seele-baumeln-lassen.jpg\"\n                    width=\"120\"\n                    height=\"90\"\n                    style=\"max-width:100%;\"\n                \/>\n            <\/a>\n        <\/div>\n\t\t\t\t\t\t\t<\/div> \n\t\t\t\n        \n\t\t\t\t<div id=\"ngg-image-1\" class=\"ngg-gallery-thumbnail-box\" >\n\t\t\t\t        <div class=\"ngg-gallery-thumbnail\">\n            <a href=\"http:\/\/www.ferienwohnungen-ossiachersee.at\/de\/wp-content\/gallery\/natur-aktiv\/paraglider.jpg\"\n               title=\"\"\n               data-src=\"http:\/\/www.ferienwohnungen-ossiachersee.at\/de\/wp-content\/gallery\/natur-aktiv\/paraglider.jpg\"\n               data-thumbnail=\"http:\/\/www.ferienwohnungen-ossiachersee.at\/de\/wp-content\/gallery\/natur-aktiv\/thumbs\/thumbs_paraglider.jpg\"\n               data-image-id=\"47\"\n               data-title=\"DCIM100GOPRO\"\n               data-description=\"\"\n               data-image-slug=\"paraglider\"\n               class=\"ngg-fancybox\" rel=\"a256a37be01437ca98581088245d94ec\">\n                <img\n                    title=\"DCIM100GOPRO\"\n                    alt=\"DCIM100GOPRO\"\n                    src=\"http:\/\/www.ferienwohnungen-ossiachersee.at\/de\/wp-content\/gallery\/natur-aktiv\/thumbs\/thumbs_paraglider.jpg\"\n                    width=\"120\"\n                    height=\"90\"\n                    style=\"max-width:100%;\"\n                \/>\n            <\/a>\n        <\/div>\n\t\t\t\t\t\t\t<\/div> \n\t\t\t\n        \n\t\t\t\t<div id=\"ngg-image-2\" class=\"ngg-gallery-thumbnail-box\" >\n\t\t\t\t        <div class=\"ngg-gallery-thumbnail\">\n            <a href=\"http:\/\/www.ferienwohnungen-ossiachersee.at\/de\/wp-content\/gallery\/natur-aktiv\/wasserschi.jpg\"\n               title=\"\"\n               data-src=\"http:\/\/www.ferienwohnungen-ossiachersee.at\/de\/wp-content\/gallery\/natur-aktiv\/wasserschi.jpg\"\n               data-thumbnail=\"http:\/\/www.ferienwohnungen-ossiachersee.at\/de\/wp-content\/gallery\/natur-aktiv\/thumbs\/thumbs_wasserschi.jpg\"\n               data-image-id=\"51\"\n               data-title=\"wasserschi\"\n               data-description=\"\"\n               data-image-slug=\"wasserschi\"\n               class=\"ngg-fancybox\" rel=\"a256a37be01437ca98581088245d94ec\">\n                <img\n                    title=\"wasserschi\"\n                    alt=\"wasserschi\"\n                    src=\"http:\/\/www.ferienwohnungen-ossiachersee.at\/de\/wp-content\/gallery\/natur-aktiv\/thumbs\/thumbs_wasserschi.jpg\"\n                    width=\"120\"\n                    height=\"90\"\n                    style=\"max-width:100%;\"\n                \/>\n            <\/a>\n        <\/div>\n\t\t\t\t\t\t\t<\/div> \n\t\t\t\n        \n\t\t\t\t<div id=\"ngg-image-3\" class=\"ngg-gallery-thumbnail-box\" >\n\t\t\t\t        <div class=\"ngg-gallery-thumbnail\">\n            <a href=\"http:\/\/www.ferienwohnungen-ossiachersee.at\/de\/wp-content\/gallery\/natur-aktiv\/wasserfall.jpg\"\n               title=\"\"\n               data-src=\"http:\/\/www.ferienwohnungen-ossiachersee.at\/de\/wp-content\/gallery\/natur-aktiv\/wasserfall.jpg\"\n               data-thumbnail=\"http:\/\/www.ferienwohnungen-ossiachersee.at\/de\/wp-content\/gallery\/natur-aktiv\/thumbs\/thumbs_wasserfall.jpg\"\n               data-image-id=\"50\"\n               data-title=\"wasserfall\"\n               data-description=\"\"\n               data-image-slug=\"wasserfall\"\n               class=\"ngg-fancybox\" rel=\"a256a37be01437ca98581088245d94ec\">\n                <img\n                    title=\"wasserfall\"\n                    alt=\"wasserfall\"\n                    src=\"http:\/\/www.ferienwohnungen-ossiachersee.at\/de\/wp-content\/gallery\/natur-aktiv\/thumbs\/thumbs_wasserfall.jpg\"\n                    width=\"120\"\n                    height=\"90\"\n                    style=\"max-width:100%;\"\n                \/>\n            <\/a>\n        <\/div>\n\t\t\t\t\t\t\t<\/div> \n\t\t\t\n        \n\t\t\t\t<div id=\"ngg-image-4\" class=\"ngg-gallery-thumbnail-box\" >\n\t\t\t\t        <div class=\"ngg-gallery-thumbnail\">\n            <a href=\"http:\/\/www.ferienwohnungen-ossiachersee.at\/de\/wp-content\/gallery\/natur-aktiv\/dobratsch-wandern.jpg\"\n               title=\"\"\n               data-src=\"http:\/\/www.ferienwohnungen-ossiachersee.at\/de\/wp-content\/gallery\/natur-aktiv\/dobratsch-wandern.jpg\"\n               data-thumbnail=\"http:\/\/www.ferienwohnungen-ossiachersee.at\/de\/wp-content\/gallery\/natur-aktiv\/thumbs\/thumbs_dobratsch-wandern.jpg\"\n               data-image-id=\"40\"\n               data-title=\"dobratsch-wandern\"\n               data-description=\"\"\n               data-image-slug=\"dobratsch-wandern\"\n               class=\"ngg-fancybox\" rel=\"a256a37be01437ca98581088245d94ec\">\n                <img\n                    title=\"dobratsch-wandern\"\n                    alt=\"dobratsch-wandern\"\n                    src=\"http:\/\/www.ferienwohnungen-ossiachersee.at\/de\/wp-content\/gallery\/natur-aktiv\/thumbs\/thumbs_dobratsch-wandern.jpg\"\n                    width=\"120\"\n                    height=\"90\"\n                    style=\"max-width:100%;\"\n                \/>\n            <\/a>\n        <\/div>\n\t\t\t\t\t\t\t<\/div> \n\t\t\t\n        \n\t\t\t\t<div id=\"ngg-image-5\" class=\"ngg-gallery-thumbnail-box\" >\n\t\t\t\t        <div class=\"ngg-gallery-thumbnail\">\n            <a href=\"http:\/\/www.ferienwohnungen-ossiachersee.at\/de\/wp-content\/gallery\/natur-aktiv\/verditz1.jpg\"\n               title=\"\"\n               data-src=\"http:\/\/www.ferienwohnungen-ossiachersee.at\/de\/wp-content\/gallery\/natur-aktiv\/verditz1.jpg\"\n               data-thumbnail=\"http:\/\/www.ferienwohnungen-ossiachersee.at\/de\/wp-content\/gallery\/natur-aktiv\/thumbs\/thumbs_verditz1.jpg\"\n               data-image-id=\"49\"\n               data-title=\"verditz1\"\n               data-description=\"\"\n               data-image-slug=\"verditz1\"\n               class=\"ngg-fancybox\" rel=\"a256a37be01437ca98581088245d94ec\">\n                <img\n                    title=\"verditz1\"\n                    alt=\"verditz1\"\n                    src=\"http:\/\/www.ferienwohnungen-ossiachersee.at\/de\/wp-content\/gallery\/natur-aktiv\/thumbs\/thumbs_verditz1.jpg\"\n                    width=\"120\"\n                    height=\"90\"\n                    style=\"max-width:100%;\"\n                \/>\n            <\/a>\n        <\/div>\n\t\t\t\t\t\t\t<\/div> \n\t\t\t\n        \n\t\t\t\t<div id=\"ngg-image-6\" class=\"ngg-gallery-thumbnail-box\" >\n\t\t\t\t        <div class=\"ngg-gallery-thumbnail\">\n            <a href=\"http:\/\/www.ferienwohnungen-ossiachersee.at\/de\/wp-content\/gallery\/natur-aktiv\/drauradweg.jpg\"\n               title=\"\"\n               data-src=\"http:\/\/www.ferienwohnungen-ossiachersee.at\/de\/wp-content\/gallery\/natur-aktiv\/drauradweg.jpg\"\n               data-thumbnail=\"http:\/\/www.ferienwohnungen-ossiachersee.at\/de\/wp-content\/gallery\/natur-aktiv\/thumbs\/thumbs_drauradweg.jpg\"\n               data-image-id=\"41\"\n               data-title=\"drauradweg\"\n               data-description=\"\"\n               data-image-slug=\"drauradweg\"\n               class=\"ngg-fancybox\" rel=\"a256a37be01437ca98581088245d94ec\">\n                <img\n                    title=\"drauradweg\"\n                    alt=\"drauradweg\"\n                    src=\"http:\/\/www.ferienwohnungen-ossiachersee.at\/de\/wp-content\/gallery\/natur-aktiv\/thumbs\/thumbs_drauradweg.jpg\"\n                    width=\"120\"\n                    height=\"90\"\n                    style=\"max-width:100%;\"\n                \/>\n            <\/a>\n        <\/div>\n\t\t\t\t\t\t\t<\/div> \n\t\t\t\n        \n\t\t\t\t<div id=\"ngg-image-7\" class=\"ngg-gallery-thumbnail-box\" >\n\t\t\t\t        <div class=\"ngg-gallery-thumbnail\">\n            <a href=\"http:\/\/www.ferienwohnungen-ossiachersee.at\/de\/wp-content\/gallery\/natur-aktiv\/blumen-pekol-alm.jpg\"\n               title=\"\"\n               data-src=\"http:\/\/www.ferienwohnungen-ossiachersee.at\/de\/wp-content\/gallery\/natur-aktiv\/blumen-pekol-alm.jpg\"\n               data-thumbnail=\"http:\/\/www.ferienwohnungen-ossiachersee.at\/de\/wp-content\/gallery\/natur-aktiv\/thumbs\/thumbs_blumen-pekol-alm.jpg\"\n               data-image-id=\"38\"\n               data-title=\"blumen-pekol-alm\"\n               data-description=\"\"\n               data-image-slug=\"blumen-pekol-alm\"\n               class=\"ngg-fancybox\" rel=\"a256a37be01437ca98581088245d94ec\">\n                <img\n                    title=\"blumen-pekol-alm\"\n                    alt=\"blumen-pekol-alm\"\n                    src=\"http:\/\/www.ferienwohnungen-ossiachersee.at\/de\/wp-content\/gallery\/natur-aktiv\/thumbs\/thumbs_blumen-pekol-alm.jpg\"\n                    width=\"120\"\n                    height=\"90\"\n                    style=\"max-width:100%;\"\n                \/>\n            <\/a>\n        <\/div>\n\t\t\t\t\t\t\t<\/div> \n\t\t\t\n        \n\t\t\t\t<div id=\"ngg-image-8\" class=\"ngg-gallery-thumbnail-box\" >\n\t\t\t\t        <div class=\"ngg-gallery-thumbnail\">\n            <a href=\"http:\/\/www.ferienwohnungen-ossiachersee.at\/de\/wp-content\/gallery\/natur-aktiv\/auf-der-mussen-blumenwiese.jpg\"\n               title=\"\"\n               data-src=\"http:\/\/www.ferienwohnungen-ossiachersee.at\/de\/wp-content\/gallery\/natur-aktiv\/auf-der-mussen-blumenwiese.jpg\"\n               data-thumbnail=\"http:\/\/www.ferienwohnungen-ossiachersee.at\/de\/wp-content\/gallery\/natur-aktiv\/thumbs\/thumbs_auf-der-mussen-blumenwiese.jpg\"\n               data-image-id=\"34\"\n               data-title=\"auf-der-mussen-blumenwiese\"\n               data-description=\"\"\n               data-image-slug=\"auf-der-mussen-blumenwiese\"\n               class=\"ngg-fancybox\" rel=\"a256a37be01437ca98581088245d94ec\">\n                <img\n                    title=\"auf-der-mussen-blumenwiese\"\n                    alt=\"auf-der-mussen-blumenwiese\"\n                    src=\"http:\/\/www.ferienwohnungen-ossiachersee.at\/de\/wp-content\/gallery\/natur-aktiv\/thumbs\/thumbs_auf-der-mussen-blumenwiese.jpg\"\n                    width=\"120\"\n                    height=\"90\"\n                    style=\"max-width:100%;\"\n                \/>\n            <\/a>\n        <\/div>\n\t\t\t\t\t\t\t<\/div> \n\t\t\t\n        \n\t\t\t\t<div id=\"ngg-image-9\" class=\"ngg-gallery-thumbnail-box\" >\n\t\t\t\t        <div class=\"ngg-gallery-thumbnail\">\n            <a href=\"http:\/\/www.ferienwohnungen-ossiachersee.at\/de\/wp-content\/gallery\/natur-aktiv\/orchideen-dobratsch.jpg\"\n               title=\"\"\n               data-src=\"http:\/\/www.ferienwohnungen-ossiachersee.at\/de\/wp-content\/gallery\/natur-aktiv\/orchideen-dobratsch.jpg\"\n               data-thumbnail=\"http:\/\/www.ferienwohnungen-ossiachersee.at\/de\/wp-content\/gallery\/natur-aktiv\/thumbs\/thumbs_orchideen-dobratsch.jpg\"\n               data-image-id=\"44\"\n               data-title=\"orchideen-dobratsch\"\n               data-description=\"\"\n               data-image-slug=\"orchideen-dobratsch-1\"\n               class=\"ngg-fancybox\" rel=\"a256a37be01437ca98581088245d94ec\">\n                <img\n                    title=\"orchideen-dobratsch\"\n                    alt=\"orchideen-dobratsch\"\n                    src=\"http:\/\/www.ferienwohnungen-ossiachersee.at\/de\/wp-content\/gallery\/natur-aktiv\/thumbs\/thumbs_orchideen-dobratsch.jpg\"\n                    width=\"120\"\n                    height=\"90\"\n                    style=\"max-width:100%;\"\n                \/>\n            <\/a>\n        <\/div>\n\t\t\t\t\t\t\t<\/div> \n\t\t\t\n        \n\t\t\t\t<div id=\"ngg-image-10\" class=\"ngg-gallery-thumbnail-box\" >\n\t\t\t\t        <div class=\"ngg-gallery-thumbnail\">\n            <a href=\"http:\/\/www.ferienwohnungen-ossiachersee.at\/de\/wp-content\/gallery\/natur-aktiv\/blumenwiese.jpg\"\n               title=\"\"\n               data-src=\"http:\/\/www.ferienwohnungen-ossiachersee.at\/de\/wp-content\/gallery\/natur-aktiv\/blumenwiese.jpg\"\n               data-thumbnail=\"http:\/\/www.ferienwohnungen-ossiachersee.at\/de\/wp-content\/gallery\/natur-aktiv\/thumbs\/thumbs_blumenwiese.jpg\"\n               data-image-id=\"39\"\n               data-title=\"blumenwiese\"\n               data-description=\"\"\n               data-image-slug=\"blumenwiese-1\"\n               class=\"ngg-fancybox\" rel=\"a256a37be01437ca98581088245d94ec\">\n                <img\n                    title=\"blumenwiese\"\n                    alt=\"blumenwiese\"\n                    src=\"http:\/\/www.ferienwohnungen-ossiachersee.at\/de\/wp-content\/gallery\/natur-aktiv\/thumbs\/thumbs_blumenwiese.jpg\"\n                    width=\"120\"\n                    height=\"90\"\n                    style=\"max-width:100%;\"\n                \/>\n            <\/a>\n        <\/div>\n\t\t\t\t\t\t\t<\/div> \n\t\t\t\n        \n\t\t\t\t<div id=\"ngg-image-11\" class=\"ngg-gallery-thumbnail-box\" >\n\t\t\t\t        <div class=\"ngg-gallery-thumbnail\">\n            <a href=\"http:\/\/www.ferienwohnungen-ossiachersee.at\/de\/wp-content\/gallery\/natur-aktiv\/gipfelkreuz-kopie.jpg\"\n               title=\"\"\n               data-src=\"http:\/\/www.ferienwohnungen-ossiachersee.at\/de\/wp-content\/gallery\/natur-aktiv\/gipfelkreuz-kopie.jpg\"\n               data-thumbnail=\"http:\/\/www.ferienwohnungen-ossiachersee.at\/de\/wp-content\/gallery\/natur-aktiv\/thumbs\/thumbs_gipfelkreuz-kopie.jpg\"\n               data-image-id=\"42\"\n               data-title=\"gipfelkreuz-kopie\"\n               data-description=\"\"\n               data-image-slug=\"gipfelkreuz-kopie-1\"\n               class=\"ngg-fancybox\" rel=\"a256a37be01437ca98581088245d94ec\">\n                <img\n                    title=\"gipfelkreuz-kopie\"\n                    alt=\"gipfelkreuz-kopie\"\n                    src=\"http:\/\/www.ferienwohnungen-ossiachersee.at\/de\/wp-content\/gallery\/natur-aktiv\/thumbs\/thumbs_gipfelkreuz-kopie.jpg\"\n                    width=\"120\"\n                    height=\"90\"\n                    style=\"max-width:100%;\"\n                \/>\n            <\/a>\n        <\/div>\n\t\t\t\t\t\t\t<\/div> \n\t\t\t\n        \n\t\t\t\t<div id=\"ngg-image-12\" class=\"ngg-gallery-thumbnail-box\" >\n\t\t\t\t        <div class=\"ngg-gallery-thumbnail\">\n            <a href=\"http:\/\/www.ferienwohnungen-ossiachersee.at\/de\/wp-content\/gallery\/natur-aktiv\/ossiachertauern.jpg\"\n               title=\"\"\n               data-src=\"http:\/\/www.ferienwohnungen-ossiachersee.at\/de\/wp-content\/gallery\/natur-aktiv\/ossiachertauern.jpg\"\n               data-thumbnail=\"http:\/\/www.ferienwohnungen-ossiachersee.at\/de\/wp-content\/gallery\/natur-aktiv\/thumbs\/thumbs_ossiachertauern.jpg\"\n               data-image-id=\"46\"\n               data-title=\"ossiachertauern\"\n               data-description=\"\"\n               data-image-slug=\"ossiachertauern-1\"\n               class=\"ngg-fancybox\" rel=\"a256a37be01437ca98581088245d94ec\">\n                <img\n                    title=\"ossiachertauern\"\n                    alt=\"ossiachertauern\"\n                    src=\"http:\/\/www.ferienwohnungen-ossiachersee.at\/de\/wp-content\/gallery\/natur-aktiv\/thumbs\/thumbs_ossiachertauern.jpg\"\n                    width=\"120\"\n                    height=\"90\"\n                    style=\"max-width:100%;\"\n                \/>\n            <\/a>\n        <\/div>\n\t\t\t\t\t\t\t<\/div> \n\t\t\t\n        \n\t\t\t\t<div id=\"ngg-image-13\" class=\"ngg-gallery-thumbnail-box\" >\n\t\t\t\t        <div class=\"ngg-gallery-thumbnail\">\n            <a href=\"http:\/\/www.ferienwohnungen-ossiachersee.at\/de\/wp-content\/gallery\/natur-aktiv\/blumen-julische-alpen.jpg\"\n               title=\"\"\n               data-src=\"http:\/\/www.ferienwohnungen-ossiachersee.at\/de\/wp-content\/gallery\/natur-aktiv\/blumen-julische-alpen.jpg\"\n               data-thumbnail=\"http:\/\/www.ferienwohnungen-ossiachersee.at\/de\/wp-content\/gallery\/natur-aktiv\/thumbs\/thumbs_blumen-julische-alpen.jpg\"\n               data-image-id=\"37\"\n               data-title=\"blumen-julische-alpen\"\n               data-description=\"\"\n               data-image-slug=\"blumen-julische-alpen-1\"\n               class=\"ngg-fancybox\" rel=\"a256a37be01437ca98581088245d94ec\">\n                <img\n                    title=\"blumen-julische-alpen\"\n                    alt=\"blumen-julische-alpen\"\n                    src=\"http:\/\/www.ferienwohnungen-ossiachersee.at\/de\/wp-content\/gallery\/natur-aktiv\/thumbs\/thumbs_blumen-julische-alpen.jpg\"\n                    width=\"120\"\n                    height=\"90\"\n                    style=\"max-width:100%;\"\n                \/>\n            <\/a>\n        <\/div>\n\t\t\t\t\t\t\t<\/div> \n\t\t\t\n        \n\t\t\t\t<div id=\"ngg-image-14\" class=\"ngg-gallery-thumbnail-box\" >\n\t\t\t\t        <div class=\"ngg-gallery-thumbnail\">\n            <a href=\"http:\/\/www.ferienwohnungen-ossiachersee.at\/de\/wp-content\/gallery\/natur-aktiv\/ossiacher-tauern.jpg\"\n               title=\"\"\n               data-src=\"http:\/\/www.ferienwohnungen-ossiachersee.at\/de\/wp-content\/gallery\/natur-aktiv\/ossiacher-tauern.jpg\"\n               data-thumbnail=\"http:\/\/www.ferienwohnungen-ossiachersee.at\/de\/wp-content\/gallery\/natur-aktiv\/thumbs\/thumbs_ossiacher-tauern.jpg\"\n               data-image-id=\"45\"\n               data-title=\"ossiacher-tauern\"\n               data-description=\"\"\n               data-image-slug=\"ossiacher-tauern-1\"\n               class=\"ngg-fancybox\" rel=\"a256a37be01437ca98581088245d94ec\">\n                <img\n                    title=\"ossiacher-tauern\"\n                    alt=\"ossiacher-tauern\"\n                    src=\"http:\/\/www.ferienwohnungen-ossiachersee.at\/de\/wp-content\/gallery\/natur-aktiv\/thumbs\/thumbs_ossiacher-tauern.jpg\"\n                    width=\"120\"\n                    height=\"90\"\n                    style=\"max-width:100%;\"\n                \/>\n            <\/a>\n        <\/div>\n\t\t\t\t\t\t\t<\/div> \n\t\t\t\n        \n\t\t\t\t<div id=\"ngg-image-15\" class=\"ngg-gallery-thumbnail-box\" >\n\t\t\t\t        <div class=\"ngg-gallery-thumbnail\">\n            <a href=\"http:\/\/www.ferienwohnungen-ossiachersee.at\/de\/wp-content\/gallery\/natur-aktiv\/pilze.jpg\"\n               title=\"\"\n               data-src=\"http:\/\/www.ferienwohnungen-ossiachersee.at\/de\/wp-content\/gallery\/natur-aktiv\/pilze.jpg\"\n               data-thumbnail=\"http:\/\/www.ferienwohnungen-ossiachersee.at\/de\/wp-content\/gallery\/natur-aktiv\/thumbs\/thumbs_pilze.jpg\"\n               data-image-id=\"48\"\n               data-title=\"pilze\"\n               data-description=\"\"\n               data-image-slug=\"pilze-1\"\n               class=\"ngg-fancybox\" rel=\"a256a37be01437ca98581088245d94ec\">\n                <img\n                    title=\"pilze\"\n                    alt=\"pilze\"\n                    src=\"http:\/\/www.ferienwohnungen-ossiachersee.at\/de\/wp-content\/gallery\/natur-aktiv\/thumbs\/thumbs_pilze.jpg\"\n                    width=\"120\"\n                    height=\"90\"\n                    style=\"max-width:100%;\"\n                \/>\n            <\/a>\n        <\/div>\n\t\t\t\t\t\t\t<\/div> \n\t\t\t\n        \n\t\t\t\t<div id=\"ngg-image-16\" class=\"ngg-gallery-thumbnail-box\" >\n\t\t\t\t        <div class=\"ngg-gallery-thumbnail\">\n            <a href=\"http:\/\/www.ferienwohnungen-ossiachersee.at\/de\/wp-content\/gallery\/natur-aktiv\/krokus.jpg\"\n               title=\"\"\n               data-src=\"http:\/\/www.ferienwohnungen-ossiachersee.at\/de\/wp-content\/gallery\/natur-aktiv\/krokus.jpg\"\n               data-thumbnail=\"http:\/\/www.ferienwohnungen-ossiachersee.at\/de\/wp-content\/gallery\/natur-aktiv\/thumbs\/thumbs_krokus.jpg\"\n               data-image-id=\"43\"\n               data-title=\"krokus\"\n               data-description=\"\"\n               data-image-slug=\"krokus-1\"\n               class=\"ngg-fancybox\" rel=\"a256a37be01437ca98581088245d94ec\">\n                <img\n                    title=\"krokus\"\n                    alt=\"krokus\"\n                    src=\"http:\/\/www.ferienwohnungen-ossiachersee.at\/de\/wp-content\/gallery\/natur-aktiv\/thumbs\/thumbs_krokus.jpg\"\n                    width=\"120\"\n                    height=\"90\"\n                    style=\"max-width:100%;\"\n                \/>\n            <\/a>\n        <\/div>\n\t\t\t\t\t\t\t<\/div> \n\t\t\t\n        \n\t\t\n\t\t<!-- Pagination -->\n\t<div class='ngg-clear'><\/div>\t<\/div>\n\n<p>Tipps von uns f\u00fcr Ihre aktive Urlaubsgestaltung:<\/p>\n<ul>\n<li><a href=\"http:\/\/www.kaerntencard.at\/\" target=\"_blank\" rel=\"noopener\">K\u00e4rnten Card<\/a><\/li>\n<li><a href=\"http:\/\/schifffahrt.at\/ossiachersee\/\" target=\"_blank\" rel=\"noopener\">Schiffrundfahrt am Ossiachersee<\/a><\/li>\n<li><a href=\"http:\/\/www.ferienwohnungen-ossiachersee.at\/wp-content\/uploads\/Wanderung-zu-den-Finsterbach-Wasserfaellen-standard-de1.pdf\" target=\"_blank\" rel=\"noopener\">Finsterbachwanderung<\/a><\/li>\n<li><a href=\"http:\/\/www.sommerrodelbahnen-ossiach.at\/%E2%80%8E\" target=\"_blank\" rel=\"noopener\">Sommerrodelbahn in Ossiach<\/a><\/li>\n<li><a href=\"http:\/\/www.adlerflugschau.com\/\" target=\"_blank\" rel=\"noopener\">Greifvogel Flugschau Burg Landskron<\/a><\/li>\n<li><a href=\"http:\/\/www.affenberg.com\/\" target=\"_blank\" rel=\"noopener\">Affenberg<\/a>&nbsp;\u2013 ca. 150 Japanmakaken \u00c4ffchen in freier Wildbahn<\/li>\n<li><span style=\"line-height: 1.5em;\">Wandern (z. B. gleich auf der Gerlitzen):&nbsp;<a href=\"http:\/\/www.touren.kaernten.at\" target=\"_blank\" rel=\"noopener\">Wanderrouten und Radtouren<\/a><\/span><\/li>\n<li><a href=\"http:\/\/www.surf-segelschule.at\/%E2%80%8E\" target=\"_blank\" rel=\"noopener\">Segel<\/a><a href=\"http:\/\/www.surf-segelschule.at\/\" target=\"_blank\" rel=\"noopener\">n und Windsurfen<\/a><\/li>\n<li><a href=\"http:\/\/www.tandemfliegen.at\/\" target=\"_blank\" rel=\"noopener\">Paragleiten<\/a><\/li>\n<li><a href=\"http:\/\/www.ossiachersee.cc\/insidertipps\/wasserschi\/\" target=\"_blank\" rel=\"noopener\">Wasserschi<\/a><\/li>\n<\/ul>\n","protected":false},"excerpt":{"rendered":"<p>Der Sch\u00fctzenhof ist optimaler Ausgangspunkt um die zahlreichen Freizeitm\u00f6glichkeiten in einer der sch\u00f6nsten Gegenden K\u00e4rntens genie\u00dfen zu k\u00f6nnen. Tun Sie etwas f\u00fcr sich selbst, blenden Sie den Alltag aus und nehmen Sie unvergessliche Eindr\u00fccke mit nach Hause. Von der entspannten Genusswanderung bis hin zur herausfordernden Bergroute mit Klettersteigen ist in[&#8230;]<\/p>\n","protected":false},"author":3,"featured_media":0,"parent":0,"menu_order":0,"comment_status":"closed","ping_status":"closed","template":"template-fullwidth.php","meta":{"ngg_post_thumbnail":0},"_links":{"self":[{"href":"http:\/\/www.ferienwohnungen-ossiachersee.at\/de\/wp-json\/wp\/v2\/pages\/260"}],"collection":[{"href":"http:\/\/www.ferienwohnungen-ossiachersee.at\/de\/wp-json\/wp\/v2\/pages"}],"about":[{"href":"http:\/\/www.ferienwohnungen-ossiachersee.at\/de\/wp-json\/wp\/v2\/types\/page"}],"author":[{"embeddable":true,"href":"http:\/\/www.ferienwohnungen-ossiachersee.at\/de\/wp-json\/wp\/v2\/users\/3"}],"replies":[{"embeddable":true,"href":"http:\/\/www.ferienwohnungen-ossiachersee.at\/de\/wp-json\/wp\/v2\/comments?post=260"}],"version-history":[{"count":5,"href":"http:\/\/www.ferienwohnungen-ossiachersee.at\/de\/wp-json\/wp\/v2\/pages\/260\/revisions"}],"predecessor-version":[{"id":1088,"href":"http:\/\/www.ferienwohnungen-ossiachersee.at\/de\/wp-json\/wp\/v2\/pages\/260\/revisions\/1088"}],"wp:attachment":[{"href":"http:\/\/www.ferienwohnungen-ossiachersee.at\/de\/wp-json\/wp\/v2\/media?parent=260"}],"curies":[{"name":"wp","href":"https:\/\/api.w.org\/{rel}","templated":true}]}}